{"id":20622,"date":"2025-05-08T15:34:36","date_gmt":"2025-05-08T19:34:36","guid":{"rendered":"https:\/\/www.sacredheart.qc.ca\/?page_id=20622"},"modified":"2025-05-09T17:15:46","modified_gmt":"2025-05-09T21:15:46","slug":"langue-espagnole","status":"publish","type":"page","link":"https:\/\/www.sacredheart.qc.ca\/fr\/langue-espagnole\/","title":{"rendered":"Langue espagnole"},"content":{"rendered":"\n<h1>\n\t\tProgramme de langue espagnole\n\t<\/h1>\n<h2>\n\t\tD\u00e9couvrez le programme de langue espagnole de l&rsquo;\u00e9cole Sacr\u00e9-C\u0153ur, o\u00f9 les \u00e9tudiantes s&rsquo;ouvrent \u00e0 un nouveau monde de langue et de culture.\n\t<\/h2>\n<h3>\n\t\t\u00c9largir ses horizons gr\u00e2ce \u00e0 l&rsquo;apprentissage des langues\n\t<\/h3>\n\tA l&rsquo;\u00e9cole Sacr\u00e9-C\u0153ur, nous croyons que l&rsquo;apprentissage d&rsquo;une nouvelle langue va bien au-del\u00e0 de la simple acquisition de vocabulaire : il ouvre la porte \u00e0 de nouvelles perspectives, \u00e0 la d\u00e9couverte de cultures diverses et \u00e0 une connexion plus profonde avec diff\u00e9rentes communaut\u00e9s.\n<strong data-start=\"346\" data-end=\"556\">Notre programme d&rsquo;espagnol offre aux \u00e9tudiantes l&rsquo;occasion de devenir des communicatrices confiantes et des citoyennes culturellement conscientes, pr\u00eates \u00e0 \u00e9voluer dans un monde toujours plus interconnect\u00e9.<\/strong>\n<h2>\n\t\tPourquoi l&rsquo;espagnol ?\n\t<\/h2>\n\tL&rsquo;espagnol est la <strong>quatri\u00e8me langue la plus parl\u00e9e au monde<\/strong> en nombre total de locuteurs, et la deuxi\u00e8me en nombre de locuteurs natifs, avec plus de 480\u202fmillions de personnes l&rsquo;utilisant comme langue maternelle.\nEn apprenant l&rsquo;espagnol, les \u00e9tudiantes acc\u00e8dent \u00e0 une communaut\u00e9 mondiale \u00e9largie et renforcent leurs perspectives en mati\u00e8re d&rsquo;\u00e9tudes, de voyages et de carri\u00e8res.\n<h2>\n\t\tLes connexions internationales du Sacr\u00e9-C\u0153ur\n\t<\/h2>\n\t<p>Notre \u00e9cole est fi\u00e8re d&rsquo;avoir des relations avec des \u00e9coles jumelles au <strong>Mexique, en Espagne et en Argentine<\/strong> &#8211; des pays riches en langues, en histoire et en cultures dynamiques. <\/p>\n<p>Ce programme renforce ces liens, en donnant aux \u00e9l\u00e8ves un contexte r\u00e9el et la possibilit\u00e9 de s&rsquo;engager un jour dans des \u00e9changes significatifs.<\/p>\n<h3>\n\t\tUn accent sur la conversation et la culture\n\t<\/h3>\n\t<p>Il ne s&rsquo;agit pas seulement d&rsquo;un cours de langue, mais d&rsquo;<strong>une invitation \u00e0 d\u00e9couvrir le monde hispanophone<\/strong>. Notre approche met l&rsquo;accent sur la conversation en espagnol et la compr\u00e9hension interculturelle, permettant aux \u00e9tudiantes de communiquer avec aisance tout en appr\u00e9ciant les traditions, la musique, la gastronomie et les r\u00e9cits propres aux communaut\u00e9s hispanophones.<\/p>\n<h2>\n\t\tUn apprentissage qui va plus loin que la classe\n\t<\/h2>\n\tGr\u00e2ce \u00e0 des <strong>pr\u00e9sentations interactives et \u00e0 des \u00e9v\u00e9nements culturels<\/strong>, les \u00e9l\u00e8ves donnent vie \u00e0 leurs apprentissages en classe, consolidant leur compr\u00e9hension tout en d\u00e9veloppant une expression personnelle claire et cr\u00e9ative.\nCette approche pratique, centr\u00e9e sur l&rsquo;\u00e9l\u00e8ve, d\u00e9passe la simple m\u00e9morisation\u202f: elle favorise des connexions authentiques, approfondit l&rsquo;appr\u00e9ciation des cultures hispanophones et pr\u00e9pare les \u00e9tudiantes \u00e0 \u00e9voluer dans un monde profond\u00e9ment interconnect\u00e9.\n\t<p>D\u00e9tails du programme<\/p>\n\t<ul>\n<li>Obligatoire pour : Secondaire I, II et III<\/li>\n<li>Option pour : Secondaire IV et V<\/li>\n<li>L&rsquo;accent est mis sur : les comp\u00e9tences en mati\u00e8re d&rsquo;expression orale et d&rsquo;\u00e9coute, l&rsquo;immersion culturelle, la sensibilisation au monde.<\/li>\n<li><em><strong>Objectif : favoriser la communication, la curiosit\u00e9 et la confiance dans l&rsquo;utilisation de l&rsquo;espagnol dans des situations de la vie r\u00e9elle.<\/strong><\/em><\/li>\n<\/ul>\n<h2>\n\t\tVous pouvez \u00e9galement \u00eatre int\u00e9ress\u00e9 par\n\t<\/h2>\n\t\t\t<a href=\"https:\/\/www.sacredheart.qc.ca\/fr\/programmes-signature\/\" target=\"_blank\" rel=\"noopener\">\n\t\t\t\t\t\t\tProgrammes Signature\n\t\t\t<\/a>\n\t\t\t<a href=\"https:\/\/www.sacredheart.qc.ca\/fr\/programme-dechanges-internationaux-de-lecole-sacre-coeur\/\" target=\"_blank\" rel=\"noopener\">\n\t\t\t\t\t\t\tProgramme d&rsquo;\u00e9changes internationaux\n\t\t\t<\/a>\n\t\t\t<a href=\"https:\/\/www.sacredheart.qc.ca\/fr\/admissions\/\" target=\"_self\">\n\t\t\t\t\t\t\tComment s&rsquo;inscrire\n\t\t\t<\/a>\n\n","protected":false},"excerpt":{"rendered":"<p>Programme de langue espagnole D\u00e9couvrez le programme de langue espagnole de l&rsquo;\u00e9cole Sacr\u00e9-C\u0153ur, o\u00f9 les \u00e9tudiantes s&rsquo;ouvrent \u00e0 un nouveau monde de langue et de culture. \u00c9largir ses horizons gr\u00e2ce&hellip;<\/p>\n","protected":false},"author":19,"featured_media":20576,"parent":0,"menu_order":161,"comment_status":"closed","ping_status":"closed","template":"","meta":{"_acf_changed":false,"inline_featured_image":false,"_price":"","_stock":"","_tribe_ticket_header":"","_tribe_default_ticket_provider":"","_tribe_ticket_capacity":"0","_ticket_start_date":"","_ticket_end_date":"","_tribe_ticket_show_description":"","_tribe_ticket_show_not_going":false,"_tribe_ticket_use_global_stock":"","_tribe_ticket_global_stock_level":"","_global_stock_mode":"","_global_stock_cap":"","_tribe_rsvp_for_event":"","_tribe_ticket_going_count":"","_tribe_ticket_not_going_count":"","_tribe_tickets_list":"[]","_tribe_ticket_has_attendee_info_fields":false,"footnotes":"","_tec_slr_enabled":"","_tec_slr_layout":""},"class_list":["post-20622","page","type-page","status-publish","has-post-thumbnail","hentry"],"acf":[],"yoast_head":"<!-- This site is optimized with the Yoast SEO plugin v27.5 - https:\/\/yoast.com\/product\/yoast-seo-wordpress\/ -->\n<title>Programme de langue espagnole| The Sacred Heart School of Montreal<\/title>\n<meta name=\"description\" content=\"Notre programme d&#039;espagnol est propos\u00e9 comme cours obligatoire pour tous les \u00e9l\u00e8ves de secondaire I, II et III, avec une option facultative pour les \u00e9l\u00e8ves de secondaire IV et V.\" \/>\n<meta name=\"robots\" content=\"index, follow, max-snippet:-1, max-image-preview:large, max-video-preview:-1\" \/>\n<link rel=\"canonical\" href=\"https:\/\/www.sacredheart.qc.ca\/fr\/langue-espagnole\/\" \/>\n<meta property=\"og:locale\" content=\"fr_FR\" \/>\n<meta property=\"og:type\" content=\"article\" \/>\n<meta property=\"og:title\" content=\"Programme de langue espagnole| The Sacred Heart School of Montreal\" \/>\n<meta property=\"og:description\" content=\"Notre programme d&#039;espagnol est propos\u00e9 comme cours obligatoire pour tous les \u00e9l\u00e8ves de secondaire I, II et III, avec une option facultative pour les \u00e9l\u00e8ves de secondaire IV et V.\" \/>\n<meta property=\"og:url\" content=\"https:\/\/www.sacredheart.qc.ca\/fr\/langue-espagnole\/\" \/>\n<meta property=\"og:site_name\" content=\"The Sacred Heart School of Montreal\" \/>\n<meta property=\"article:publisher\" content=\"https:\/\/www.facebook.com\/SacredHeartMontreal\/\" \/>\n<meta property=\"article:modified_time\" content=\"2025-05-09T21:15:46+00:00\" \/>\n<meta property=\"og:image\" content=\"https:\/\/www.sacredheart.qc.ca\/wp-content\/uploads\/2025\/04\/R62_2755.jpg\" \/>\n\t<meta property=\"og:image:width\" content=\"1344\" \/>\n\t<meta property=\"og:image:height\" content=\"895\" \/>\n\t<meta property=\"og:image:type\" content=\"image\/jpeg\" \/>\n<meta name=\"twitter:card\" content=\"summary_large_image\" \/>\n<meta name=\"twitter:site\" content=\"@TheSHSM\" \/>\n<meta name=\"twitter:label1\" content=\"Dur\u00e9e de lecture estim\u00e9e\" \/>\n\t<meta name=\"twitter:data1\" content=\"2 minutes\" \/>\n<script type=\"application\/ld+json\" class=\"yoast-schema-graph\">{\"@context\":\"https:\\\/\\\/schema.org\",\"@graph\":[{\"@type\":\"WebPage\",\"@id\":\"https:\\\/\\\/www.sacredheart.qc.ca\\\/fr\\\/langue-espagnole\\\/\",\"url\":\"https:\\\/\\\/www.sacredheart.qc.ca\\\/fr\\\/langue-espagnole\\\/\",\"name\":\"Programme de langue espagnole| The Sacred Heart School of Montreal\",\"isPartOf\":{\"@id\":\"https:\\\/\\\/www.sacredheart.qc.ca\\\/fr\\\/#website\"},\"primaryImageOfPage\":{\"@id\":\"https:\\\/\\\/www.sacredheart.qc.ca\\\/fr\\\/langue-espagnole\\\/#primaryimage\"},\"image\":{\"@id\":\"https:\\\/\\\/www.sacredheart.qc.ca\\\/fr\\\/langue-espagnole\\\/#primaryimage\"},\"thumbnailUrl\":\"https:\\\/\\\/www.sacredheart.qc.ca\\\/wp-content\\\/uploads\\\/2025\\\/04\\\/R62_2755.jpg\",\"datePublished\":\"2025-05-08T19:34:36+00:00\",\"dateModified\":\"2025-05-09T21:15:46+00:00\",\"description\":\"Notre programme d'espagnol est propos\u00e9 comme cours obligatoire pour tous les \u00e9l\u00e8ves de secondaire I, II et III, avec une option facultative pour les \u00e9l\u00e8ves de secondaire IV et V.\",\"breadcrumb\":{\"@id\":\"https:\\\/\\\/www.sacredheart.qc.ca\\\/fr\\\/langue-espagnole\\\/#breadcrumb\"},\"inLanguage\":\"fr-FR\",\"potentialAction\":[{\"@type\":\"ReadAction\",\"target\":[\"https:\\\/\\\/www.sacredheart.qc.ca\\\/fr\\\/langue-espagnole\\\/\"]}]},{\"@type\":\"ImageObject\",\"inLanguage\":\"fr-FR\",\"@id\":\"https:\\\/\\\/www.sacredheart.qc.ca\\\/fr\\\/langue-espagnole\\\/#primaryimage\",\"url\":\"https:\\\/\\\/www.sacredheart.qc.ca\\\/wp-content\\\/uploads\\\/2025\\\/04\\\/R62_2755.jpg\",\"contentUrl\":\"https:\\\/\\\/www.sacredheart.qc.ca\\\/wp-content\\\/uploads\\\/2025\\\/04\\\/R62_2755.jpg\",\"width\":1344,\"height\":895},{\"@type\":\"BreadcrumbList\",\"@id\":\"https:\\\/\\\/www.sacredheart.qc.ca\\\/fr\\\/langue-espagnole\\\/#breadcrumb\",\"itemListElement\":[{\"@type\":\"ListItem\",\"position\":1,\"name\":\"Home\",\"item\":\"https:\\\/\\\/www.sacredheart.qc.ca\\\/fr\\\/\"},{\"@type\":\"ListItem\",\"position\":2,\"name\":\"Langue espagnole\"}]},{\"@type\":\"WebSite\",\"@id\":\"https:\\\/\\\/www.sacredheart.qc.ca\\\/fr\\\/#website\",\"url\":\"https:\\\/\\\/www.sacredheart.qc.ca\\\/fr\\\/\",\"name\":\"The Sacred Heart School of Montreal\",\"description\":\"Girls Only Private Catholic English High School - 100% Graduation Rate\",\"publisher\":{\"@id\":\"https:\\\/\\\/www.sacredheart.qc.ca\\\/fr\\\/#organization\"},\"alternateName\":\"The Sacred Heart School of Montreal\",\"potentialAction\":[{\"@type\":\"SearchAction\",\"target\":{\"@type\":\"EntryPoint\",\"urlTemplate\":\"https:\\\/\\\/www.sacredheart.qc.ca\\\/fr\\\/?s={search_term_string}\"},\"query-input\":{\"@type\":\"PropertyValueSpecification\",\"valueRequired\":true,\"valueName\":\"search_term_string\"}}],\"inLanguage\":\"fr-FR\"},{\"@type\":\"Organization\",\"@id\":\"https:\\\/\\\/www.sacredheart.qc.ca\\\/fr\\\/#organization\",\"name\":\"The Sacred Heart School of Montreal\",\"url\":\"https:\\\/\\\/www.sacredheart.qc.ca\\\/fr\\\/\",\"logo\":{\"@type\":\"ImageObject\",\"inLanguage\":\"fr-FR\",\"@id\":\"https:\\\/\\\/www.sacredheart.qc.ca\\\/fr\\\/#\\\/schema\\\/logo\\\/image\\\/\",\"url\":\"https:\\\/\\\/www.sacredheart.qc.ca\\\/wp-content\\\/uploads\\\/2021\\\/06\\\/LogoScredHeart.svg\",\"contentUrl\":\"https:\\\/\\\/www.sacredheart.qc.ca\\\/wp-content\\\/uploads\\\/2021\\\/06\\\/LogoScredHeart.svg\",\"width\":\"1024\",\"height\":\"1024\",\"caption\":\"The Sacred Heart School of Montreal\"},\"image\":{\"@id\":\"https:\\\/\\\/www.sacredheart.qc.ca\\\/fr\\\/#\\\/schema\\\/logo\\\/image\\\/\"},\"sameAs\":[\"https:\\\/\\\/www.facebook.com\\\/SacredHeartMontreal\\\/\",\"https:\\\/\\\/x.com\\\/TheSHSM\",\"https:\\\/\\\/www.instagram.com\\\/SacredHeartMontreal\\\/\",\"https:\\\/\\\/www.linkedin.com\\\/school\\\/the-sacred-heart-school-of-montreal\\\/\",\"https:\\\/\\\/www.youtube.com\\\/user\\\/TheSacredHeartSchool\"]}]}<\/script>\n<!-- \/ Yoast SEO plugin. -->","yoast_head_json":{"title":"Programme de langue espagnole| The Sacred Heart School of Montreal","description":"Notre programme d'espagnol est propos\u00e9 comme cours obligatoire pour tous les \u00e9l\u00e8ves de secondaire I, II et III, avec une option facultative pour les \u00e9l\u00e8ves de secondaire IV et V.","robots":{"index":"index","follow":"follow","max-snippet":"max-snippet:-1","max-image-preview":"max-image-preview:large","max-video-preview":"max-video-preview:-1"},"canonical":"https:\/\/www.sacredheart.qc.ca\/fr\/langue-espagnole\/","og_locale":"fr_FR","og_type":"article","og_title":"Programme de langue espagnole| The Sacred Heart School of Montreal","og_description":"Notre programme d'espagnol est propos\u00e9 comme cours obligatoire pour tous les \u00e9l\u00e8ves de secondaire I, II et III, avec une option facultative pour les \u00e9l\u00e8ves de secondaire IV et V.","og_url":"https:\/\/www.sacredheart.qc.ca\/fr\/langue-espagnole\/","og_site_name":"The Sacred Heart School of Montreal","article_publisher":"https:\/\/www.facebook.com\/SacredHeartMontreal\/","article_modified_time":"2025-05-09T21:15:46+00:00","og_image":[{"width":1344,"height":895,"url":"https:\/\/www.sacredheart.qc.ca\/wp-content\/uploads\/2025\/04\/R62_2755.jpg","type":"image\/jpeg"}],"twitter_card":"summary_large_image","twitter_site":"@TheSHSM","twitter_misc":{"Dur\u00e9e de lecture estim\u00e9e":"2 minutes"},"schema":{"@context":"https:\/\/schema.org","@graph":[{"@type":"WebPage","@id":"https:\/\/www.sacredheart.qc.ca\/fr\/langue-espagnole\/","url":"https:\/\/www.sacredheart.qc.ca\/fr\/langue-espagnole\/","name":"Programme de langue espagnole| The Sacred Heart School of Montreal","isPartOf":{"@id":"https:\/\/www.sacredheart.qc.ca\/fr\/#website"},"primaryImageOfPage":{"@id":"https:\/\/www.sacredheart.qc.ca\/fr\/langue-espagnole\/#primaryimage"},"image":{"@id":"https:\/\/www.sacredheart.qc.ca\/fr\/langue-espagnole\/#primaryimage"},"thumbnailUrl":"https:\/\/www.sacredheart.qc.ca\/wp-content\/uploads\/2025\/04\/R62_2755.jpg","datePublished":"2025-05-08T19:34:36+00:00","dateModified":"2025-05-09T21:15:46+00:00","description":"Notre programme d'espagnol est propos\u00e9 comme cours obligatoire pour tous les \u00e9l\u00e8ves de secondaire I, II et III, avec une option facultative pour les \u00e9l\u00e8ves de secondaire IV et V.","breadcrumb":{"@id":"https:\/\/www.sacredheart.qc.ca\/fr\/langue-espagnole\/#breadcrumb"},"inLanguage":"fr-FR","potentialAction":[{"@type":"ReadAction","target":["https:\/\/www.sacredheart.qc.ca\/fr\/langue-espagnole\/"]}]},{"@type":"ImageObject","inLanguage":"fr-FR","@id":"https:\/\/www.sacredheart.qc.ca\/fr\/langue-espagnole\/#primaryimage","url":"https:\/\/www.sacredheart.qc.ca\/wp-content\/uploads\/2025\/04\/R62_2755.jpg","contentUrl":"https:\/\/www.sacredheart.qc.ca\/wp-content\/uploads\/2025\/04\/R62_2755.jpg","width":1344,"height":895},{"@type":"BreadcrumbList","@id":"https:\/\/www.sacredheart.qc.ca\/fr\/langue-espagnole\/#breadcrumb","itemListElement":[{"@type":"ListItem","position":1,"name":"Home","item":"https:\/\/www.sacredheart.qc.ca\/fr\/"},{"@type":"ListItem","position":2,"name":"Langue espagnole"}]},{"@type":"WebSite","@id":"https:\/\/www.sacredheart.qc.ca\/fr\/#website","url":"https:\/\/www.sacredheart.qc.ca\/fr\/","name":"The Sacred Heart School of Montreal","description":"Girls Only Private Catholic English High School - 100% Graduation Rate","publisher":{"@id":"https:\/\/www.sacredheart.qc.ca\/fr\/#organization"},"alternateName":"The Sacred Heart School of Montreal","potentialAction":[{"@type":"SearchAction","target":{"@type":"EntryPoint","urlTemplate":"https:\/\/www.sacredheart.qc.ca\/fr\/?s={search_term_string}"},"query-input":{"@type":"PropertyValueSpecification","valueRequired":true,"valueName":"search_term_string"}}],"inLanguage":"fr-FR"},{"@type":"Organization","@id":"https:\/\/www.sacredheart.qc.ca\/fr\/#organization","name":"The Sacred Heart School of Montreal","url":"https:\/\/www.sacredheart.qc.ca\/fr\/","logo":{"@type":"ImageObject","inLanguage":"fr-FR","@id":"https:\/\/www.sacredheart.qc.ca\/fr\/#\/schema\/logo\/image\/","url":"https:\/\/www.sacredheart.qc.ca\/wp-content\/uploads\/2021\/06\/LogoScredHeart.svg","contentUrl":"https:\/\/www.sacredheart.qc.ca\/wp-content\/uploads\/2021\/06\/LogoScredHeart.svg","width":"1024","height":"1024","caption":"The Sacred Heart School of Montreal"},"image":{"@id":"https:\/\/www.sacredheart.qc.ca\/fr\/#\/schema\/logo\/image\/"},"sameAs":["https:\/\/www.facebook.com\/SacredHeartMontreal\/","https:\/\/x.com\/TheSHSM","https:\/\/www.instagram.com\/SacredHeartMontreal\/","https:\/\/www.linkedin.com\/school\/the-sacred-heart-school-of-montreal\/","https:\/\/www.youtube.com\/user\/TheSacredHeartSchool"]}]}},"ticketed":false,"_links":{"self":[{"href":"https:\/\/www.sacredheart.qc.ca\/fr\/wp-json\/wp\/v2\/pages\/20622","targetHints":{"allow":["GET"]}}],"collection":[{"href":"https:\/\/www.sacredheart.qc.ca\/fr\/wp-json\/wp\/v2\/pages"}],"about":[{"href":"https:\/\/www.sacredheart.qc.ca\/fr\/wp-json\/wp\/v2\/types\/page"}],"author":[{"embeddable":true,"href":"https:\/\/www.sacredheart.qc.ca\/fr\/wp-json\/wp\/v2\/users\/19"}],"replies":[{"embeddable":true,"href":"https:\/\/www.sacredheart.qc.ca\/fr\/wp-json\/wp\/v2\/comments?post=20622"}],"version-history":[{"count":0,"href":"https:\/\/www.sacredheart.qc.ca\/fr\/wp-json\/wp\/v2\/pages\/20622\/revisions"}],"wp:featuredmedia":[{"embeddable":true,"href":"https:\/\/www.sacredheart.qc.ca\/fr\/wp-json\/wp\/v2\/media\/20576"}],"wp:attachment":[{"href":"https:\/\/www.sacredheart.qc.ca\/fr\/wp-json\/wp\/v2\/media?parent=20622"}],"curies":[{"name":"wp","href":"https:\/\/api.w.org\/{rel}","templated":true}]}}