{"id":17720,"date":"2021-06-04T17:05:27","date_gmt":"2021-06-04T21:05:27","guid":{"rendered":"https:\/\/www.sacredheart.qc.ca\/?page_id=17720"},"modified":"2025-05-23T11:19:18","modified_gmt":"2025-05-23T15:19:18","slug":"qui-nous-sommes","status":"publish","type":"page","link":"https:\/\/www.sacredheart.qc.ca\/fr\/a-propos\/qui-sommes-nous\/","title":{"rendered":"Qui sommes-nous ?"},"content":{"rendered":"\n<h1>\n\t\tQui sommes-nous ?\n\t<\/h1>\n<h2>\n\t\tD\u00e9couvrez l&rsquo;histoire  et la mani\u00e8re dont nous pr\u00e9parons les filles \u00e0 changer le monde.\n\t<\/h2>\n<h3>\n\t\tFait partie d&rsquo;un r\u00e9seau d&rsquo;\u00e9coles du Sacr\u00e9-C\u0153ur\n\t<\/h3>\n\t<p>La Soci\u00e9t\u00e9 du Sacr\u00e9-C\u0153ur a \u00e9t\u00e9 fond\u00e9e en 1800 par Sainte Madeleine Sophie Barat et l&rsquo;\u00c9cole Sacr\u00e9-C\u0153ur de Montr\u00e9al est membre du r\u00e9seau mondial des \u00c9coles du Sacr\u00e9-C\u0153ur. Chaque \u00e9cole a les m\u00eames <a href=\"https:\/\/www.sacredheart.qc.ca\/fr\/?page_id=17715\" target=\"_blank\" rel=\"noopener\">cinq objectifs<\/a> qui r\u00e9gissent notre mission et guident notre philosophie \u00e9ducative.<\/p>\n<h2>\n\t\tPr\u00e9parer les filles \u00e0 changer le monde\n\t<\/h2>\n\t<p>D\u00e8s sa cr\u00e9ation, la Soci\u00e9t\u00e9 du Sacr\u00e9-C\u0153ur a ouvert ses portes \u00e0 toute jeune fille, quelle que soit sa situation, qui souhaitait recevoir une \u00e9ducation au Sacr\u00e9-C\u0153ur.  <\/p>\n<p>En outre, contrairement \u00e0 la plupart des d\u00e9fenseurs de l&rsquo;\u00e9ducation des filles au d\u00e9but du dix-neuvi\u00e8me si\u00e8cle, Sophie n&rsquo;envisageait pas sa mission uniquement en termes de pr\u00e9paration des jeunes femmes \u00e0 devenir de bonnes \u00e9pouses et m\u00e8res ou \u00e0 entrer dans une congr\u00e9gation religieuse.  <\/p>\n<p>Ses \u00e9coles s&rsquo;inscrivaient dans une vision beaucoup plus large : dispenser une \u00e9ducation qui inspirerait les jeunes femmes \u00e0 devenir des agents de transformation sociale \u00e0 leur \u00e9poque.  <\/p>\n<p>Aujourd&rsquo;hui, notre \u00e9cole est fi\u00e8re de son engagement en faveur de la justice sociale et de l&rsquo;autonomisation des jeunes femmes pour qu&rsquo;elles prennent leur place dans un monde en constante \u00e9volution.<\/p>\n<h2>\n\t\tNotre campus du centre-ville\n\t<\/h2>\n\t<p>Notre maison actuelle, situ\u00e9e sur l&rsquo;avenue Atwater, est la sixi\u00e8me maison de l&rsquo;\u00e9cole depuis sa cr\u00e9ation en 1861. City House, comme on l&rsquo;appelle affectueusement, est un b\u00e2timent riche en histoire et \u00e9quip\u00e9 pour l&rsquo;\u00e9tudiante moderne. <\/p>\n<p>Enracin\u00e9e dans la tradition, mais toujours en \u00e9volution, l&rsquo;\u00c9cole Sacr\u00e9-C\u0153ur de Montr\u00e9al vise \u00e0 inculquer les valeurs que Sainte Madeleine Sophie a tant appr\u00e9ci\u00e9es, tout en promouvant une \u00e9ducation cr\u00e9ative et un leadership encadr\u00e9s par les cinq objectifs d&rsquo;une \u00e9ducation au Sacr\u00e9-C\u0153ur. <\/p>\n<p>Le caract\u00e8re v\u00e9ritablement international d&rsquo;une \u00e9cole du Sacr\u00e9-C\u0153ur contribue \u00e0 favoriser une \u00e9ducation et une citoyennet\u00e9 mondiales chez nos filles.<\/p>\n<h2>\n\t\tUn environnement chaleureux et accueillant\n\t<\/h2>\n\t<p>L&rsquo;\u00c9cole Sacr\u00e9-C\u0153ur de Montr\u00e9al a connu de nombreux changements depuis qu&rsquo;elle a ouvert ses portes sur l&rsquo;avenue Atwater, en 1928. M\u00eame si les choses ont chang\u00e9 depuis toutes ces ann\u00e9es, la m\u00eame ambiance chaleureuse et accueillante est contagieuse d\u00e8s que l&rsquo;on franchit le seuil de l&rsquo;\u00e9tablissement.<\/p>\n\t\t\t<a href=\"https:\/\/rscj.org\/\" target=\"_blank\" rel=\"noopener\">\n\t\t\t\t\t\t\tSoci\u00e9t\u00e9 du Sacr\u00e9-C\u0153ur\n\t\t\t\t\t<\/a>\n<h2>\n\t\tLes dates jalons du Sacr\u00e9-C\u0153ur\n\t<\/h2>\n\t\t<!-- Comment to fix spacing issue\n\t-->\n\t\t0La Soci\u00e9t\u00e9 du Sacr\u00e9-C\u0153ur est fond\u00e9e par Sainte Madeleine Sophie Barat.\n\t<!-- Comment to fix spacing issue\n\t-->\t\n\t\t<!-- Comment to fix spacing issue\n\t-->\n\t\t0Fondation de la premi\u00e8re \u00e9cole Sacr\u00e9-C\u0153ur \u00e0 Montr\u00e9al\n\t<!-- Comment to fix spacing issue\n\t-->\t\n\t\t<!-- Comment to fix spacing issue\n\t-->\n\t\t0Ouverture du b\u00e2timent scolaire actuel\n\t<!-- Comment to fix spacing issue\n\t-->\t\n\t\t<!-- Comment to fix spacing issue\n\t-->\n\t\t0L&rsquo;\u00e9cole c\u00e9l\u00e8bre son 160e anniversaire\n\t<!-- Comment to fix spacing issue\n\t-->\t\n<h2>\n\t\tVous pouvez \u00e9galement \u00eatre int\u00e9ress\u00e9 par\n\t<\/h2>\n\t\t\t<a href=\"https:\/\/www.sacredheart.qc.ca\/fr\/a-propos\/mission-objectifs\/\" target=\"_self\">\n\t\t\t\t\t\t\tNotre mission et nos objectifs\n\t\t\t<\/a>\n\t\t\t<a href=\"\/fr\/a-propos\/pourquoi-ecole-secondaire-filles\/\" target=\"_self\">\n\t\t\t\t\t\t\tPourquoi une \u00e9cole de filles ?\n\t\t\t<\/a>\n\t\t\t<a href=\"https:\/\/www.sacredheart.qc.ca\/fr\/admissions\" target=\"_self\">\n\t\t\t\t\t\t\tS&rsquo;inscrire\n\t\t\t<\/a>\n\n","protected":false},"excerpt":{"rendered":"<p>Qui sommes-nous ? D\u00e9couvrez l&rsquo;histoire et la mani\u00e8re dont nous pr\u00e9parons les filles \u00e0 changer le monde. Fait partie d&rsquo;un r\u00e9seau d&rsquo;\u00e9coles du Sacr\u00e9-C\u0153ur La Soci\u00e9t\u00e9 du Sacr\u00e9-C\u0153ur a \u00e9t\u00e9&hellip;<\/p>\n","protected":false},"author":2,"featured_media":16177,"parent":0,"menu_order":162,"comment_status":"closed","ping_status":"closed","template":"","meta":{"_acf_changed":false,"inline_featured_image":false,"_price":"","_stock":"","_tribe_ticket_header":"","_tribe_default_ticket_provider":"","_tribe_ticket_capacity":"0","_ticket_start_date":"","_ticket_end_date":"","_tribe_ticket_show_description":"","_tribe_ticket_show_not_going":false,"_tribe_ticket_use_global_stock":"","_tribe_ticket_global_stock_level":"","_global_stock_mode":"","_global_stock_cap":"","_tribe_rsvp_for_event":"","_tribe_ticket_going_count":"","_tribe_ticket_not_going_count":"","_tribe_tickets_list":"[]","_tribe_ticket_has_attendee_info_fields":false,"footnotes":"","_tec_slr_enabled":"","_tec_slr_layout":""},"class_list":["post-17720","page","type-page","status-publish","has-post-thumbnail","hentry"],"acf":[],"yoast_head":"<!-- This site is optimized with the Yoast SEO plugin v27.4 - https:\/\/yoast.com\/product\/yoast-seo-wordpress\/ -->\n<title>La seule \u00e9cole priv\u00e9e catholique anglophone pour filles \u00e0 Montr\u00e9al | L&#039;\u00c9cole Sacr\u00e9-C\u0153ur de Montr\u00e9al<\/title>\n<meta name=\"description\" content=\"Depuis 1861, la seule \u00e9cole priv\u00e9e catholique anglophone pour filles \u00e0 Montr\u00e9al. D\u00e9couvrez l&#039;histoire, le placement, la mission et plus encore.\" \/>\n<meta name=\"robots\" content=\"index, follow, max-snippet:-1, max-image-preview:large, max-video-preview:-1\" \/>\n<link rel=\"canonical\" href=\"https:\/\/www.sacredheart.qc.ca\/fr\/a-propos\/qui-sommes-nous\/\" \/>\n<meta property=\"og:locale\" content=\"fr_FR\" \/>\n<meta property=\"og:type\" content=\"article\" \/>\n<meta property=\"og:title\" content=\"La seule \u00e9cole priv\u00e9e catholique anglophone pour filles \u00e0 Montr\u00e9al | L&#039;\u00c9cole Sacr\u00e9-C\u0153ur de Montr\u00e9al\" \/>\n<meta property=\"og:description\" content=\"Depuis 1861, la seule \u00e9cole priv\u00e9e catholique anglophone pour filles \u00e0 Montr\u00e9al. D\u00e9couvrez l&#039;histoire, le placement, la mission et plus encore.\" \/>\n<meta property=\"og:url\" content=\"https:\/\/www.sacredheart.qc.ca\/fr\/a-propos\/qui-sommes-nous\/\" \/>\n<meta property=\"og:site_name\" content=\"The Sacred Heart School of Montreal\" \/>\n<meta property=\"article:publisher\" content=\"https:\/\/www.facebook.com\/SacredHeartMontreal\/\" \/>\n<meta property=\"article:modified_time\" content=\"2025-05-23T15:19:18+00:00\" \/>\n<meta property=\"og:image\" content=\"https:\/\/www.sacredheart.qc.ca\/wp-content\/uploads\/2021\/07\/School-History.jpg\" \/>\n\t<meta property=\"og:image:width\" content=\"1480\" \/>\n\t<meta property=\"og:image:height\" content=\"575\" \/>\n\t<meta property=\"og:image:type\" content=\"image\/jpeg\" \/>\n<meta name=\"twitter:card\" content=\"summary_large_image\" \/>\n<meta name=\"twitter:site\" content=\"@TheSHSM\" \/>\n<meta name=\"twitter:label1\" content=\"Dur\u00e9e de lecture estim\u00e9e\" \/>\n\t<meta name=\"twitter:data1\" content=\"2 minutes\" \/>\n<script type=\"application\/ld+json\" class=\"yoast-schema-graph\">{\"@context\":\"https:\\\/\\\/schema.org\",\"@graph\":[{\"@type\":\"WebPage\",\"@id\":\"https:\\\/\\\/www.sacredheart.qc.ca\\\/fr\\\/a-propos\\\/qui-sommes-nous\\\/\",\"url\":\"https:\\\/\\\/www.sacredheart.qc.ca\\\/fr\\\/a-propos\\\/qui-sommes-nous\\\/\",\"name\":\"La seule \u00e9cole priv\u00e9e catholique anglophone pour filles \u00e0 Montr\u00e9al | L'\u00c9cole Sacr\u00e9-C\u0153ur de Montr\u00e9al\",\"isPartOf\":{\"@id\":\"https:\\\/\\\/www.sacredheart.qc.ca\\\/fr\\\/#website\"},\"primaryImageOfPage\":{\"@id\":\"https:\\\/\\\/www.sacredheart.qc.ca\\\/fr\\\/a-propos\\\/qui-sommes-nous\\\/#primaryimage\"},\"image\":{\"@id\":\"https:\\\/\\\/www.sacredheart.qc.ca\\\/fr\\\/a-propos\\\/qui-sommes-nous\\\/#primaryimage\"},\"thumbnailUrl\":\"https:\\\/\\\/www.sacredheart.qc.ca\\\/wp-content\\\/uploads\\\/2021\\\/07\\\/School-History.jpg\",\"datePublished\":\"2021-06-04T21:05:27+00:00\",\"dateModified\":\"2025-05-23T15:19:18+00:00\",\"description\":\"Depuis 1861, la seule \u00e9cole priv\u00e9e catholique anglophone pour filles \u00e0 Montr\u00e9al. D\u00e9couvrez l'histoire, le placement, la mission et plus encore.\",\"breadcrumb\":{\"@id\":\"https:\\\/\\\/www.sacredheart.qc.ca\\\/fr\\\/a-propos\\\/qui-sommes-nous\\\/#breadcrumb\"},\"inLanguage\":\"fr-FR\",\"potentialAction\":[{\"@type\":\"ReadAction\",\"target\":[\"https:\\\/\\\/www.sacredheart.qc.ca\\\/fr\\\/a-propos\\\/qui-sommes-nous\\\/\"]}]},{\"@type\":\"ImageObject\",\"inLanguage\":\"fr-FR\",\"@id\":\"https:\\\/\\\/www.sacredheart.qc.ca\\\/fr\\\/a-propos\\\/qui-sommes-nous\\\/#primaryimage\",\"url\":\"https:\\\/\\\/www.sacredheart.qc.ca\\\/wp-content\\\/uploads\\\/2021\\\/07\\\/School-History.jpg\",\"contentUrl\":\"https:\\\/\\\/www.sacredheart.qc.ca\\\/wp-content\\\/uploads\\\/2021\\\/07\\\/School-History.jpg\",\"width\":1480,\"height\":575},{\"@type\":\"BreadcrumbList\",\"@id\":\"https:\\\/\\\/www.sacredheart.qc.ca\\\/fr\\\/a-propos\\\/qui-sommes-nous\\\/#breadcrumb\",\"itemListElement\":[{\"@type\":\"ListItem\",\"position\":1,\"name\":\"Home\",\"item\":\"https:\\\/\\\/www.sacredheart.qc.ca\\\/fr\\\/\"},{\"@type\":\"ListItem\",\"position\":2,\"name\":\"Qui sommes-nous ?\"}]},{\"@type\":\"WebSite\",\"@id\":\"https:\\\/\\\/www.sacredheart.qc.ca\\\/fr\\\/#website\",\"url\":\"https:\\\/\\\/www.sacredheart.qc.ca\\\/fr\\\/\",\"name\":\"The Sacred Heart School of Montreal\",\"description\":\"Girls Only Private Catholic English High School - 100% Graduation Rate\",\"publisher\":{\"@id\":\"https:\\\/\\\/www.sacredheart.qc.ca\\\/fr\\\/#organization\"},\"alternateName\":\"The Sacred Heart School of Montreal\",\"potentialAction\":[{\"@type\":\"SearchAction\",\"target\":{\"@type\":\"EntryPoint\",\"urlTemplate\":\"https:\\\/\\\/www.sacredheart.qc.ca\\\/fr\\\/?s={search_term_string}\"},\"query-input\":{\"@type\":\"PropertyValueSpecification\",\"valueRequired\":true,\"valueName\":\"search_term_string\"}}],\"inLanguage\":\"fr-FR\"},{\"@type\":\"Organization\",\"@id\":\"https:\\\/\\\/www.sacredheart.qc.ca\\\/fr\\\/#organization\",\"name\":\"The Sacred Heart School of Montreal\",\"url\":\"https:\\\/\\\/www.sacredheart.qc.ca\\\/fr\\\/\",\"logo\":{\"@type\":\"ImageObject\",\"inLanguage\":\"fr-FR\",\"@id\":\"https:\\\/\\\/www.sacredheart.qc.ca\\\/fr\\\/#\\\/schema\\\/logo\\\/image\\\/\",\"url\":\"https:\\\/\\\/www.sacredheart.qc.ca\\\/wp-content\\\/uploads\\\/2021\\\/06\\\/LogoScredHeart.svg\",\"contentUrl\":\"https:\\\/\\\/www.sacredheart.qc.ca\\\/wp-content\\\/uploads\\\/2021\\\/06\\\/LogoScredHeart.svg\",\"width\":\"1024\",\"height\":\"1024\",\"caption\":\"The Sacred Heart School of Montreal\"},\"image\":{\"@id\":\"https:\\\/\\\/www.sacredheart.qc.ca\\\/fr\\\/#\\\/schema\\\/logo\\\/image\\\/\"},\"sameAs\":[\"https:\\\/\\\/www.facebook.com\\\/SacredHeartMontreal\\\/\",\"https:\\\/\\\/x.com\\\/TheSHSM\",\"https:\\\/\\\/www.instagram.com\\\/SacredHeartMontreal\\\/\",\"https:\\\/\\\/www.linkedin.com\\\/school\\\/the-sacred-heart-school-of-montreal\\\/\",\"https:\\\/\\\/www.youtube.com\\\/user\\\/TheSacredHeartSchool\"]}]}<\/script>\n<!-- \/ Yoast SEO plugin. -->","yoast_head_json":{"title":"La seule \u00e9cole priv\u00e9e catholique anglophone pour filles \u00e0 Montr\u00e9al | L'\u00c9cole Sacr\u00e9-C\u0153ur de Montr\u00e9al","description":"Depuis 1861, la seule \u00e9cole priv\u00e9e catholique anglophone pour filles \u00e0 Montr\u00e9al. D\u00e9couvrez l'histoire, le placement, la mission et plus encore.","robots":{"index":"index","follow":"follow","max-snippet":"max-snippet:-1","max-image-preview":"max-image-preview:large","max-video-preview":"max-video-preview:-1"},"canonical":"https:\/\/www.sacredheart.qc.ca\/fr\/a-propos\/qui-sommes-nous\/","og_locale":"fr_FR","og_type":"article","og_title":"La seule \u00e9cole priv\u00e9e catholique anglophone pour filles \u00e0 Montr\u00e9al | L'\u00c9cole Sacr\u00e9-C\u0153ur de Montr\u00e9al","og_description":"Depuis 1861, la seule \u00e9cole priv\u00e9e catholique anglophone pour filles \u00e0 Montr\u00e9al. D\u00e9couvrez l'histoire, le placement, la mission et plus encore.","og_url":"https:\/\/www.sacredheart.qc.ca\/fr\/a-propos\/qui-sommes-nous\/","og_site_name":"The Sacred Heart School of Montreal","article_publisher":"https:\/\/www.facebook.com\/SacredHeartMontreal\/","article_modified_time":"2025-05-23T15:19:18+00:00","og_image":[{"width":1480,"height":575,"url":"https:\/\/www.sacredheart.qc.ca\/wp-content\/uploads\/2021\/07\/School-History.jpg","type":"image\/jpeg"}],"twitter_card":"summary_large_image","twitter_site":"@TheSHSM","twitter_misc":{"Dur\u00e9e de lecture estim\u00e9e":"2 minutes"},"schema":{"@context":"https:\/\/schema.org","@graph":[{"@type":"WebPage","@id":"https:\/\/www.sacredheart.qc.ca\/fr\/a-propos\/qui-sommes-nous\/","url":"https:\/\/www.sacredheart.qc.ca\/fr\/a-propos\/qui-sommes-nous\/","name":"La seule \u00e9cole priv\u00e9e catholique anglophone pour filles \u00e0 Montr\u00e9al | L'\u00c9cole Sacr\u00e9-C\u0153ur de Montr\u00e9al","isPartOf":{"@id":"https:\/\/www.sacredheart.qc.ca\/fr\/#website"},"primaryImageOfPage":{"@id":"https:\/\/www.sacredheart.qc.ca\/fr\/a-propos\/qui-sommes-nous\/#primaryimage"},"image":{"@id":"https:\/\/www.sacredheart.qc.ca\/fr\/a-propos\/qui-sommes-nous\/#primaryimage"},"thumbnailUrl":"https:\/\/www.sacredheart.qc.ca\/wp-content\/uploads\/2021\/07\/School-History.jpg","datePublished":"2021-06-04T21:05:27+00:00","dateModified":"2025-05-23T15:19:18+00:00","description":"Depuis 1861, la seule \u00e9cole priv\u00e9e catholique anglophone pour filles \u00e0 Montr\u00e9al. D\u00e9couvrez l'histoire, le placement, la mission et plus encore.","breadcrumb":{"@id":"https:\/\/www.sacredheart.qc.ca\/fr\/a-propos\/qui-sommes-nous\/#breadcrumb"},"inLanguage":"fr-FR","potentialAction":[{"@type":"ReadAction","target":["https:\/\/www.sacredheart.qc.ca\/fr\/a-propos\/qui-sommes-nous\/"]}]},{"@type":"ImageObject","inLanguage":"fr-FR","@id":"https:\/\/www.sacredheart.qc.ca\/fr\/a-propos\/qui-sommes-nous\/#primaryimage","url":"https:\/\/www.sacredheart.qc.ca\/wp-content\/uploads\/2021\/07\/School-History.jpg","contentUrl":"https:\/\/www.sacredheart.qc.ca\/wp-content\/uploads\/2021\/07\/School-History.jpg","width":1480,"height":575},{"@type":"BreadcrumbList","@id":"https:\/\/www.sacredheart.qc.ca\/fr\/a-propos\/qui-sommes-nous\/#breadcrumb","itemListElement":[{"@type":"ListItem","position":1,"name":"Home","item":"https:\/\/www.sacredheart.qc.ca\/fr\/"},{"@type":"ListItem","position":2,"name":"Qui sommes-nous ?"}]},{"@type":"WebSite","@id":"https:\/\/www.sacredheart.qc.ca\/fr\/#website","url":"https:\/\/www.sacredheart.qc.ca\/fr\/","name":"The Sacred Heart School of Montreal","description":"Girls Only Private Catholic English High School - 100% Graduation Rate","publisher":{"@id":"https:\/\/www.sacredheart.qc.ca\/fr\/#organization"},"alternateName":"The Sacred Heart School of Montreal","potentialAction":[{"@type":"SearchAction","target":{"@type":"EntryPoint","urlTemplate":"https:\/\/www.sacredheart.qc.ca\/fr\/?s={search_term_string}"},"query-input":{"@type":"PropertyValueSpecification","valueRequired":true,"valueName":"search_term_string"}}],"inLanguage":"fr-FR"},{"@type":"Organization","@id":"https:\/\/www.sacredheart.qc.ca\/fr\/#organization","name":"The Sacred Heart School of Montreal","url":"https:\/\/www.sacredheart.qc.ca\/fr\/","logo":{"@type":"ImageObject","inLanguage":"fr-FR","@id":"https:\/\/www.sacredheart.qc.ca\/fr\/#\/schema\/logo\/image\/","url":"https:\/\/www.sacredheart.qc.ca\/wp-content\/uploads\/2021\/06\/LogoScredHeart.svg","contentUrl":"https:\/\/www.sacredheart.qc.ca\/wp-content\/uploads\/2021\/06\/LogoScredHeart.svg","width":"1024","height":"1024","caption":"The Sacred Heart School of Montreal"},"image":{"@id":"https:\/\/www.sacredheart.qc.ca\/fr\/#\/schema\/logo\/image\/"},"sameAs":["https:\/\/www.facebook.com\/SacredHeartMontreal\/","https:\/\/x.com\/TheSHSM","https:\/\/www.instagram.com\/SacredHeartMontreal\/","https:\/\/www.linkedin.com\/school\/the-sacred-heart-school-of-montreal\/","https:\/\/www.youtube.com\/user\/TheSacredHeartSchool"]}]}},"ticketed":false,"_links":{"self":[{"href":"https:\/\/www.sacredheart.qc.ca\/fr\/wp-json\/wp\/v2\/pages\/17720","targetHints":{"allow":["GET"]}}],"collection":[{"href":"https:\/\/www.sacredheart.qc.ca\/fr\/wp-json\/wp\/v2\/pages"}],"about":[{"href":"https:\/\/www.sacredheart.qc.ca\/fr\/wp-json\/wp\/v2\/types\/page"}],"author":[{"embeddable":true,"href":"https:\/\/www.sacredheart.qc.ca\/fr\/wp-json\/wp\/v2\/users\/2"}],"replies":[{"embeddable":true,"href":"https:\/\/www.sacredheart.qc.ca\/fr\/wp-json\/wp\/v2\/comments?post=17720"}],"version-history":[{"count":0,"href":"https:\/\/www.sacredheart.qc.ca\/fr\/wp-json\/wp\/v2\/pages\/17720\/revisions"}],"wp:featuredmedia":[{"embeddable":true,"href":"https:\/\/www.sacredheart.qc.ca\/fr\/wp-json\/wp\/v2\/media\/16177"}],"wp:attachment":[{"href":"https:\/\/www.sacredheart.qc.ca\/fr\/wp-json\/wp\/v2\/media?parent=17720"}],"curies":[{"name":"wp","href":"https:\/\/api.w.org\/{rel}","templated":true}]}}