{"id":17712,"date":"2021-06-04T17:04:39","date_gmt":"2021-06-04T21:04:39","guid":{"rendered":"https:\/\/www.sacredheart.qc.ca\/?page_id=17712"},"modified":"2025-11-18T15:42:07","modified_gmt":"2025-11-18T20:42:07","slug":"leadership","status":"publish","type":"page","link":"https:\/\/www.sacredheart.qc.ca\/fr\/ressources\/conseil-administration\/","title":{"rendered":"Conseil d&rsquo;administration"},"content":{"rendered":"\n<h1>\n\t\t\tConseils d&rsquo;administration\t<\/h1>\n<h2>\n\t\t\tResponsable de la gouvernance de l&rsquo;\u00c9cole Sacr\u00e9-C\u0153ur de Montr\u00e9al.\t<\/h2>\n<h3>\n\t\t\tLeadership\t<\/h3>\n\t<p>Le conseil d&rsquo;administration est responsable de la gouvernance de l&rsquo;\u00c9cole Sacr\u00e9-C\u0153ur de Montr\u00e9al. Ses fonctions consistent \u00e0 \u00e9tablir et \u00e0 superviser l&rsquo;orientation strat\u00e9gique de l&rsquo;\u00e9cole, \u00e0 veiller \u00e0 ce que les buts et les objectifs soient atteints et conformes \u00e0 la mission du Sacr\u00e9-C\u0153ur, et \u00e0 contr\u00f4ler la bonne gestion financi\u00e8re et g\u00e9n\u00e9rale de l&rsquo;administration.<\/p>\n<p>Le conseil d&rsquo;administration est compos\u00e9 de b\u00e9n\u00e9voles d\u00e9vou\u00e9s issus de la communaut\u00e9 du Sacr\u00e9-C\u0153ur qui donnent gratuitement de leur temps pour s&rsquo;acquitter des nombreuses responsabilit\u00e9s du conseil et pour assurer le succ\u00e8s continu et la stabilit\u00e9 \u00e0 long terme de l&rsquo;\u00c9cole Sacr\u00e9-C\u0153ur de Montr\u00e9al.<\/p>\n<h2>\n\t\t\tLe conseil d&rsquo;administration actuel compte 13 membres\t<\/h2>\n\t<p><strong>Tania Tretiak &rsquo;86<\/strong><\/p>\n\t<p><a href=\"https:\/\/www.sacredheart.qc.ca\/wp-content\/uploads\/2025\/04\/Anne-Marie-Johns_BOARD.png\" target=\"_blank\" rel=\"noopener\"><strong>Anne Marie Marilley &rsquo;82 Johns<\/strong><\/a><\/p>\n\t<p><a href=\"https:\/\/www.sacredheart.qc.ca\/wp-content\/uploads\/2025\/05\/Bruno-Verenini_BOARD.png\" target=\"_blank\" rel=\"noopener\"><strong>Bruno Verenini<\/strong><\/a><\/p>\n\t<p><a href=\"https:\/\/www.sacredheart.qc.ca\/wp-content\/uploads\/2025\/05\/Marina-Boulos-Winton-_BOARD.png\" target=\"_blank\" rel=\"noopener\"><strong>Marina Boulos &rsquo;81<\/strong><\/a><\/p>\n\t<p><strong>Bruno Cacciola<\/strong><\/p>\n\t<p><strong>David Cervantes<\/strong><\/p>\n\t<p><strong>Meagan Coleman &rsquo;11<\/strong><\/p>\n\t<p><strong>Sr. Suzanne Cooke<\/strong><\/p>\n\t<p><a href=\"https:\/\/www.sacredheart.qc.ca\/wp-content\/uploads\/2025\/05\/Debby-Cordeiro-_BOARD.png\" target=\"_blank\" rel=\"noopener\"><strong>Debby Cordeiro<\/strong><\/a><\/p>\n\t<p><b>Steven Corsi<\/b><\/p>\n\t<p><a href=\"https:\/\/www.sacredheart.qc.ca\/wp-content\/uploads\/2025\/04\/Danielle-Dunleavy-_BOARD.png\" target=\"_blank\" rel=\"noopener\"><strong>Danielle Dunleavy<\/strong><\/a><\/p>\n\t<p><strong>Claire Farrell &rsquo;07<\/strong><\/p>\n\t<p><strong>Mike Iorio<\/strong><\/p>\n\t<p><strong>Frank Maselli<\/strong><\/p>\n\t<p><strong>Angela Onesi &rsquo;85<\/strong><\/p>\n\t<p><a href=\"https:\/\/www.sacredheart.qc.ca\/wp-content\/uploads\/2025\/05\/Tina-Scalia_BOARD-1.png\" target=\"_blank\" rel=\"noopener\"><strong>Tina Scalia<\/strong><\/a><\/p>\n\t<p><a href=\"https:\/\/www.sacredheart.qc.ca\/wp-content\/uploads\/2025\/04\/Carolyn-Osiek_BOARD.png\" target=\"_blank\" rel=\"noopener\"><strong>Sr. Carolyn Osiek<\/strong><\/a><\/p>\n\t<p><strong>Patricia Briand<\/strong><\/p>\n\t\t\t<a href=\"https:\/\/www.sacredheart.qc.ca\/wp-content\/uploads\/2021\/07\/Sacred-Heart-Code-of-Ethics-.pdf\" download target=\"_blank\" rel=\"noopener\">\n\t\t\t\t\t\t\tCode de d\u00e9ontologie\n\t\t\t\t\t<\/a>\n\t\t\t<a href=\"https:\/\/www.sacredheart.qc.ca\/wp-content\/uploads\/2021\/07\/Code-de\u0301thique.pdf\" download target=\"_blank\" rel=\"noopener\">\n\t\t\t\t\t\t\tCode d&rsquo;\u00e9thique\n\t\t\t\t\t<\/a>\n\n","protected":false},"excerpt":{"rendered":"<p>Conseils d&rsquo;administration Responsable de la gouvernance de l&rsquo;\u00c9cole Sacr\u00e9-C\u0153ur de Montr\u00e9al. Leadership Le conseil d&rsquo;administration est responsable de la gouvernance de l&rsquo;\u00c9cole Sacr\u00e9-C\u0153ur de Montr\u00e9al. Ses fonctions consistent \u00e0 \u00e9tablir&hellip;<\/p>\n","protected":false},"author":2,"featured_media":16037,"parent":0,"menu_order":165,"comment_status":"closed","ping_status":"closed","template":"","meta":{"_acf_changed":false,"inline_featured_image":false,"_price":"","_stock":"","_tribe_ticket_header":"","_tribe_default_ticket_provider":"","_tribe_ticket_capacity":"0","_ticket_start_date":"","_ticket_end_date":"","_tribe_ticket_show_description":"","_tribe_ticket_show_not_going":false,"_tribe_ticket_use_global_stock":"","_tribe_ticket_global_stock_level":"","_global_stock_mode":"","_global_stock_cap":"","_tribe_rsvp_for_event":"","_tribe_ticket_going_count":"","_tribe_ticket_not_going_count":"","_tribe_tickets_list":"[]","_tribe_ticket_has_attendee_info_fields":false,"footnotes":"","_tec_slr_enabled":"","_tec_slr_layout":""},"class_list":["post-17712","page","type-page","status-publish","has-post-thumbnail","hentry"],"acf":[],"yoast_head":"<!-- This site is optimized with the Yoast SEO plugin v27.5 - https:\/\/yoast.com\/product\/yoast-seo-wordpress\/ -->\n<title>Conseil d&#039;administration | La seule \u00e9cole priv\u00e9e catholique anglophone pour filles \u00e0 Montr\u00e9al | L&#039;\u00c9cole Sacr\u00e9-C\u0153ur de Montr\u00e9al<\/title>\n<meta name=\"description\" content=\"Le conseil d&#039;administration est responsable de la gouvernance de l&#039;\u00c9cole du Sacr\u00e9-C\u0153ur de Montr\u00e9al. Le conseil d&#039;administration est compos\u00e9 de b\u00e9n\u00e9voles d\u00e9vou\u00e9s issus de la communaut\u00e9 du Sacr\u00e9-C\u0153ur.\" \/>\n<meta name=\"robots\" content=\"index, follow, max-snippet:-1, max-image-preview:large, max-video-preview:-1\" \/>\n<link rel=\"canonical\" href=\"https:\/\/www.sacredheart.qc.ca\/fr\/ressources\/conseil-administration\/\" \/>\n<meta property=\"og:locale\" content=\"fr_FR\" \/>\n<meta property=\"og:type\" content=\"article\" \/>\n<meta property=\"og:title\" content=\"Conseil d&#039;administration | La seule \u00e9cole priv\u00e9e catholique anglophone pour filles \u00e0 Montr\u00e9al | L&#039;\u00c9cole Sacr\u00e9-C\u0153ur de Montr\u00e9al\" \/>\n<meta property=\"og:description\" content=\"Le conseil d&#039;administration est responsable de la gouvernance de l&#039;\u00c9cole du Sacr\u00e9-C\u0153ur de Montr\u00e9al. Le conseil d&#039;administration est compos\u00e9 de b\u00e9n\u00e9voles d\u00e9vou\u00e9s issus de la communaut\u00e9 du Sacr\u00e9-C\u0153ur.\" \/>\n<meta property=\"og:url\" content=\"https:\/\/www.sacredheart.qc.ca\/fr\/ressources\/conseil-administration\/\" \/>\n<meta property=\"og:site_name\" content=\"The Sacred Heart School of Montreal\" \/>\n<meta property=\"article:publisher\" content=\"https:\/\/www.facebook.com\/SacredHeartMontreal\/\" \/>\n<meta property=\"article:modified_time\" content=\"2025-11-18T20:42:07+00:00\" \/>\n<meta property=\"og:image\" content=\"https:\/\/www.sacredheart.qc.ca\/wp-content\/uploads\/2021\/06\/Building.jpg\" \/>\n\t<meta property=\"og:image:width\" content=\"1480\" \/>\n\t<meta property=\"og:image:height\" content=\"655\" \/>\n\t<meta property=\"og:image:type\" content=\"image\/jpeg\" \/>\n<meta name=\"twitter:card\" content=\"summary_large_image\" \/>\n<meta name=\"twitter:site\" content=\"@TheSHSM\" \/>\n<meta name=\"twitter:label1\" content=\"Dur\u00e9e de lecture estim\u00e9e\" \/>\n\t<meta name=\"twitter:data1\" content=\"2 minutes\" \/>\n<script type=\"application\/ld+json\" class=\"yoast-schema-graph\">{\"@context\":\"https:\\\/\\\/schema.org\",\"@graph\":[{\"@type\":\"WebPage\",\"@id\":\"https:\\\/\\\/www.sacredheart.qc.ca\\\/fr\\\/ressources\\\/conseil-administration\\\/\",\"url\":\"https:\\\/\\\/www.sacredheart.qc.ca\\\/fr\\\/ressources\\\/conseil-administration\\\/\",\"name\":\"Conseil d'administration | La seule \u00e9cole priv\u00e9e catholique anglophone pour filles \u00e0 Montr\u00e9al | L'\u00c9cole Sacr\u00e9-C\u0153ur de Montr\u00e9al\",\"isPartOf\":{\"@id\":\"https:\\\/\\\/www.sacredheart.qc.ca\\\/fr\\\/#website\"},\"primaryImageOfPage\":{\"@id\":\"https:\\\/\\\/www.sacredheart.qc.ca\\\/fr\\\/ressources\\\/conseil-administration\\\/#primaryimage\"},\"image\":{\"@id\":\"https:\\\/\\\/www.sacredheart.qc.ca\\\/fr\\\/ressources\\\/conseil-administration\\\/#primaryimage\"},\"thumbnailUrl\":\"https:\\\/\\\/www.sacredheart.qc.ca\\\/wp-content\\\/uploads\\\/2021\\\/06\\\/Building.jpg\",\"datePublished\":\"2021-06-04T21:04:39+00:00\",\"dateModified\":\"2025-11-18T20:42:07+00:00\",\"description\":\"Le conseil d'administration est responsable de la gouvernance de l'\u00c9cole du Sacr\u00e9-C\u0153ur de Montr\u00e9al. Le conseil d'administration est compos\u00e9 de b\u00e9n\u00e9voles d\u00e9vou\u00e9s issus de la communaut\u00e9 du Sacr\u00e9-C\u0153ur.\",\"breadcrumb\":{\"@id\":\"https:\\\/\\\/www.sacredheart.qc.ca\\\/fr\\\/ressources\\\/conseil-administration\\\/#breadcrumb\"},\"inLanguage\":\"fr-FR\",\"potentialAction\":[{\"@type\":\"ReadAction\",\"target\":[\"https:\\\/\\\/www.sacredheart.qc.ca\\\/fr\\\/ressources\\\/conseil-administration\\\/\"]}]},{\"@type\":\"ImageObject\",\"inLanguage\":\"fr-FR\",\"@id\":\"https:\\\/\\\/www.sacredheart.qc.ca\\\/fr\\\/ressources\\\/conseil-administration\\\/#primaryimage\",\"url\":\"https:\\\/\\\/www.sacredheart.qc.ca\\\/wp-content\\\/uploads\\\/2021\\\/06\\\/Building.jpg\",\"contentUrl\":\"https:\\\/\\\/www.sacredheart.qc.ca\\\/wp-content\\\/uploads\\\/2021\\\/06\\\/Building.jpg\",\"width\":1480,\"height\":655},{\"@type\":\"BreadcrumbList\",\"@id\":\"https:\\\/\\\/www.sacredheart.qc.ca\\\/fr\\\/ressources\\\/conseil-administration\\\/#breadcrumb\",\"itemListElement\":[{\"@type\":\"ListItem\",\"position\":1,\"name\":\"Home\",\"item\":\"https:\\\/\\\/www.sacredheart.qc.ca\\\/fr\\\/\"},{\"@type\":\"ListItem\",\"position\":2,\"name\":\"Conseil d&rsquo;administration\"}]},{\"@type\":\"WebSite\",\"@id\":\"https:\\\/\\\/www.sacredheart.qc.ca\\\/fr\\\/#website\",\"url\":\"https:\\\/\\\/www.sacredheart.qc.ca\\\/fr\\\/\",\"name\":\"The Sacred Heart School of Montreal\",\"description\":\"Girls Only Private Catholic English High School - 100% Graduation Rate\",\"publisher\":{\"@id\":\"https:\\\/\\\/www.sacredheart.qc.ca\\\/fr\\\/#organization\"},\"alternateName\":\"The Sacred Heart School of Montreal\",\"potentialAction\":[{\"@type\":\"SearchAction\",\"target\":{\"@type\":\"EntryPoint\",\"urlTemplate\":\"https:\\\/\\\/www.sacredheart.qc.ca\\\/fr\\\/?s={search_term_string}\"},\"query-input\":{\"@type\":\"PropertyValueSpecification\",\"valueRequired\":true,\"valueName\":\"search_term_string\"}}],\"inLanguage\":\"fr-FR\"},{\"@type\":\"Organization\",\"@id\":\"https:\\\/\\\/www.sacredheart.qc.ca\\\/fr\\\/#organization\",\"name\":\"The Sacred Heart School of Montreal\",\"url\":\"https:\\\/\\\/www.sacredheart.qc.ca\\\/fr\\\/\",\"logo\":{\"@type\":\"ImageObject\",\"inLanguage\":\"fr-FR\",\"@id\":\"https:\\\/\\\/www.sacredheart.qc.ca\\\/fr\\\/#\\\/schema\\\/logo\\\/image\\\/\",\"url\":\"https:\\\/\\\/www.sacredheart.qc.ca\\\/wp-content\\\/uploads\\\/2021\\\/06\\\/LogoScredHeart.svg\",\"contentUrl\":\"https:\\\/\\\/www.sacredheart.qc.ca\\\/wp-content\\\/uploads\\\/2021\\\/06\\\/LogoScredHeart.svg\",\"width\":\"1024\",\"height\":\"1024\",\"caption\":\"The Sacred Heart School of Montreal\"},\"image\":{\"@id\":\"https:\\\/\\\/www.sacredheart.qc.ca\\\/fr\\\/#\\\/schema\\\/logo\\\/image\\\/\"},\"sameAs\":[\"https:\\\/\\\/www.facebook.com\\\/SacredHeartMontreal\\\/\",\"https:\\\/\\\/x.com\\\/TheSHSM\",\"https:\\\/\\\/www.instagram.com\\\/SacredHeartMontreal\\\/\",\"https:\\\/\\\/www.linkedin.com\\\/school\\\/the-sacred-heart-school-of-montreal\\\/\",\"https:\\\/\\\/www.youtube.com\\\/user\\\/TheSacredHeartSchool\"]}]}<\/script>\n<!-- \/ Yoast SEO plugin. -->","yoast_head_json":{"title":"Conseil d'administration | La seule \u00e9cole priv\u00e9e catholique anglophone pour filles \u00e0 Montr\u00e9al | L'\u00c9cole Sacr\u00e9-C\u0153ur de Montr\u00e9al","description":"Le conseil d'administration est responsable de la gouvernance de l'\u00c9cole du Sacr\u00e9-C\u0153ur de Montr\u00e9al. Le conseil d'administration est compos\u00e9 de b\u00e9n\u00e9voles d\u00e9vou\u00e9s issus de la communaut\u00e9 du Sacr\u00e9-C\u0153ur.","robots":{"index":"index","follow":"follow","max-snippet":"max-snippet:-1","max-image-preview":"max-image-preview:large","max-video-preview":"max-video-preview:-1"},"canonical":"https:\/\/www.sacredheart.qc.ca\/fr\/ressources\/conseil-administration\/","og_locale":"fr_FR","og_type":"article","og_title":"Conseil d'administration | La seule \u00e9cole priv\u00e9e catholique anglophone pour filles \u00e0 Montr\u00e9al | L'\u00c9cole Sacr\u00e9-C\u0153ur de Montr\u00e9al","og_description":"Le conseil d'administration est responsable de la gouvernance de l'\u00c9cole du Sacr\u00e9-C\u0153ur de Montr\u00e9al. Le conseil d'administration est compos\u00e9 de b\u00e9n\u00e9voles d\u00e9vou\u00e9s issus de la communaut\u00e9 du Sacr\u00e9-C\u0153ur.","og_url":"https:\/\/www.sacredheart.qc.ca\/fr\/ressources\/conseil-administration\/","og_site_name":"The Sacred Heart School of Montreal","article_publisher":"https:\/\/www.facebook.com\/SacredHeartMontreal\/","article_modified_time":"2025-11-18T20:42:07+00:00","og_image":[{"width":1480,"height":655,"url":"https:\/\/www.sacredheart.qc.ca\/wp-content\/uploads\/2021\/06\/Building.jpg","type":"image\/jpeg"}],"twitter_card":"summary_large_image","twitter_site":"@TheSHSM","twitter_misc":{"Dur\u00e9e de lecture estim\u00e9e":"2 minutes"},"schema":{"@context":"https:\/\/schema.org","@graph":[{"@type":"WebPage","@id":"https:\/\/www.sacredheart.qc.ca\/fr\/ressources\/conseil-administration\/","url":"https:\/\/www.sacredheart.qc.ca\/fr\/ressources\/conseil-administration\/","name":"Conseil d'administration | La seule \u00e9cole priv\u00e9e catholique anglophone pour filles \u00e0 Montr\u00e9al | L'\u00c9cole Sacr\u00e9-C\u0153ur de Montr\u00e9al","isPartOf":{"@id":"https:\/\/www.sacredheart.qc.ca\/fr\/#website"},"primaryImageOfPage":{"@id":"https:\/\/www.sacredheart.qc.ca\/fr\/ressources\/conseil-administration\/#primaryimage"},"image":{"@id":"https:\/\/www.sacredheart.qc.ca\/fr\/ressources\/conseil-administration\/#primaryimage"},"thumbnailUrl":"https:\/\/www.sacredheart.qc.ca\/wp-content\/uploads\/2021\/06\/Building.jpg","datePublished":"2021-06-04T21:04:39+00:00","dateModified":"2025-11-18T20:42:07+00:00","description":"Le conseil d'administration est responsable de la gouvernance de l'\u00c9cole du Sacr\u00e9-C\u0153ur de Montr\u00e9al. Le conseil d'administration est compos\u00e9 de b\u00e9n\u00e9voles d\u00e9vou\u00e9s issus de la communaut\u00e9 du Sacr\u00e9-C\u0153ur.","breadcrumb":{"@id":"https:\/\/www.sacredheart.qc.ca\/fr\/ressources\/conseil-administration\/#breadcrumb"},"inLanguage":"fr-FR","potentialAction":[{"@type":"ReadAction","target":["https:\/\/www.sacredheart.qc.ca\/fr\/ressources\/conseil-administration\/"]}]},{"@type":"ImageObject","inLanguage":"fr-FR","@id":"https:\/\/www.sacredheart.qc.ca\/fr\/ressources\/conseil-administration\/#primaryimage","url":"https:\/\/www.sacredheart.qc.ca\/wp-content\/uploads\/2021\/06\/Building.jpg","contentUrl":"https:\/\/www.sacredheart.qc.ca\/wp-content\/uploads\/2021\/06\/Building.jpg","width":1480,"height":655},{"@type":"BreadcrumbList","@id":"https:\/\/www.sacredheart.qc.ca\/fr\/ressources\/conseil-administration\/#breadcrumb","itemListElement":[{"@type":"ListItem","position":1,"name":"Home","item":"https:\/\/www.sacredheart.qc.ca\/fr\/"},{"@type":"ListItem","position":2,"name":"Conseil d&rsquo;administration"}]},{"@type":"WebSite","@id":"https:\/\/www.sacredheart.qc.ca\/fr\/#website","url":"https:\/\/www.sacredheart.qc.ca\/fr\/","name":"The Sacred Heart School of Montreal","description":"Girls Only Private Catholic English High School - 100% Graduation Rate","publisher":{"@id":"https:\/\/www.sacredheart.qc.ca\/fr\/#organization"},"alternateName":"The Sacred Heart School of Montreal","potentialAction":[{"@type":"SearchAction","target":{"@type":"EntryPoint","urlTemplate":"https:\/\/www.sacredheart.qc.ca\/fr\/?s={search_term_string}"},"query-input":{"@type":"PropertyValueSpecification","valueRequired":true,"valueName":"search_term_string"}}],"inLanguage":"fr-FR"},{"@type":"Organization","@id":"https:\/\/www.sacredheart.qc.ca\/fr\/#organization","name":"The Sacred Heart School of Montreal","url":"https:\/\/www.sacredheart.qc.ca\/fr\/","logo":{"@type":"ImageObject","inLanguage":"fr-FR","@id":"https:\/\/www.sacredheart.qc.ca\/fr\/#\/schema\/logo\/image\/","url":"https:\/\/www.sacredheart.qc.ca\/wp-content\/uploads\/2021\/06\/LogoScredHeart.svg","contentUrl":"https:\/\/www.sacredheart.qc.ca\/wp-content\/uploads\/2021\/06\/LogoScredHeart.svg","width":"1024","height":"1024","caption":"The Sacred Heart School of Montreal"},"image":{"@id":"https:\/\/www.sacredheart.qc.ca\/fr\/#\/schema\/logo\/image\/"},"sameAs":["https:\/\/www.facebook.com\/SacredHeartMontreal\/","https:\/\/x.com\/TheSHSM","https:\/\/www.instagram.com\/SacredHeartMontreal\/","https:\/\/www.linkedin.com\/school\/the-sacred-heart-school-of-montreal\/","https:\/\/www.youtube.com\/user\/TheSacredHeartSchool"]}]}},"ticketed":false,"_links":{"self":[{"href":"https:\/\/www.sacredheart.qc.ca\/fr\/wp-json\/wp\/v2\/pages\/17712","targetHints":{"allow":["GET"]}}],"collection":[{"href":"https:\/\/www.sacredheart.qc.ca\/fr\/wp-json\/wp\/v2\/pages"}],"about":[{"href":"https:\/\/www.sacredheart.qc.ca\/fr\/wp-json\/wp\/v2\/types\/page"}],"author":[{"embeddable":true,"href":"https:\/\/www.sacredheart.qc.ca\/fr\/wp-json\/wp\/v2\/users\/2"}],"replies":[{"embeddable":true,"href":"https:\/\/www.sacredheart.qc.ca\/fr\/wp-json\/wp\/v2\/comments?post=17712"}],"version-history":[{"count":0,"href":"https:\/\/www.sacredheart.qc.ca\/fr\/wp-json\/wp\/v2\/pages\/17712\/revisions"}],"wp:featuredmedia":[{"embeddable":true,"href":"https:\/\/www.sacredheart.qc.ca\/fr\/wp-json\/wp\/v2\/media\/16037"}],"wp:attachment":[{"href":"https:\/\/www.sacredheart.qc.ca\/fr\/wp-json\/wp\/v2\/media?parent=17712"}],"curies":[{"name":"wp","href":"https:\/\/api.w.org\/{rel}","templated":true}]}}